{"id":339,"date":"2020-04-15T15:10:22","date_gmt":"2020-04-15T15:10:22","guid":{"rendered":"https:\/\/www.interfaithsustain.com\/french\/?page_id=339"},"modified":"2020-04-15T15:11:28","modified_gmt":"2020-04-15T15:11:28","slug":"message-du-fondateur","status":"publish","type":"page","link":"https:\/\/interfaithsustain.com\/french\/message-du-fondateur\/","title":{"rendered":"Message du fondateur"},"content":{"rendered":"<p style=\"text-align: justify;\">Rabbin Yonatan Neril, fondateur et directeur ex\u00e9cutif du centre interconfessionnel pour le d\u00e9veloppement durable (ICSD)<\/p>\n<p style=\"text-align: justify;\">Nous avons une maison. Avec 7,7 milliards de personnes et 15 millions d&rsquo;esp\u00e8ces, la Terre est notre navire collectif. Nous devons r\u00e9ussir \u00e0 vivre de mani\u00e8re durable, ensemble. Nous avons une responsabilit\u00e9 partag\u00e9e les uns pour les autres. Ce que vous faites et ce que je fais comptent, pour nous-m\u00eames et chacun \u00e0 bord.<\/p>\n<p style=\"text-align: justify;\">Environ six milliards de personnes-85\u00a0% de l&rsquo;humanit\u00e9-sont affili\u00e9es \u00e0 une religion. Les religions fa\u00e7onnent les valeurs, ce qui fa\u00e7onne le comportement environnemental. La religion est une partie fondamentale de la vie de nombreuses personnes et un guide important. C&rsquo;est une des plus grandes forces pour changer les c\u0153urs et les esprits. Une personne est capable de vivre \u00e0 des niveaux vari\u00e9s de conscience de l\u2019\u00e2me, et une plan\u00e8te durable n\u00e9cessitera que nous nous nous mettions \u00e0 vivre \u00e0 un plus haut niveau de conscience.<\/p>\n<p style=\"text-align: justify;\">Que signifie pour la religion d\u2019intervenir dans la crise \u00e9cologique\u00a0? Les traditions religieuses et leurs institutions peuvent contribuer \u00e0 cultiver l&rsquo;humilit\u00e9, un relationnel conscient, une pens\u00e9e au long terme, et une consommation mod\u00e9r\u00e9e. Une soci\u00e9t\u00e9 spirituellement consciente, prosp\u00e8re et durable peut r\u00e9aliser la vision proph\u00e9tique d&rsquo;une nouvelle Terre.<\/p>\n<p style=\"text-align: justify;\">Le centre interconfessionnel pour le d\u00e9veloppement durable (ICSD) manifeste sa vision essentiellement \u00e0 travers quatre projets. En premier lieu, le projet d&rsquo;\u00e9nergie renouvelable inspir\u00e9 par la foi, en coop\u00e9ration avec des institutions confessionnelles en Afrique et un promoteur d&rsquo;\u00e9nergie renouvelable, d\u00e9ploie des centrales solaires et des \u00e9oliennes afin de fournir de l&rsquo;\u00e9lectricit\u00e9 aux Africains, de r\u00e9duire la pollution interne et la d\u00e9forestation, et de limiter le changement climatique. Deuxi\u00e8mement, le projet de s\u00e9minaire interconfessionnel pour l&rsquo;engagement \u00e9cologique promeut des enseignements \u00e9cologiques au sein de l\u2019\u00e9ducation th\u00e9ologique, pour soutenir des dirigeants moraux courageux pour la durabilit\u00e9. Troisi\u00e8mement, l&rsquo;ICSD fournit une r\u00e9flexion directrice sur la religion et l&rsquo;\u00e9cologie. Nos courtes vid\u00e9os, articles, et billets de blog sont des moyens efficaces pour diffuser notre perspective \u00e9cologique unique bas\u00e9e sur la foi sur Facebook, Twitter, le blog de l&rsquo;ICSD, et YouTube. Enfin, l&rsquo;ICSD co-organise des conf\u00e9rences interconfessionnelles et environnementales qui diffusent le message des dirigeants religieux et des scientifiques sur la spiritualit\u00e9 et l&rsquo;\u00e9cologie.<\/p>\n<p><img decoding=\"async\" class=\"wp-image-340 size-full alignleft\" src=\"https:\/\/interfaithsustain.com\/french\/wp-content\/uploads\/2020\/04\/Yonatan-Neril-meets-Pope-Francis.jpg\" alt=\"\" width=\"980\" height=\"652\" srcset=\"https:\/\/interfaithsustain.com\/french\/wp-content\/uploads\/2020\/04\/Yonatan-Neril-meets-Pope-Francis.jpg 980w, https:\/\/interfaithsustain.com\/french\/wp-content\/uploads\/2020\/04\/Yonatan-Neril-meets-Pope-Francis-300x200.jpg 300w, https:\/\/interfaithsustain.com\/french\/wp-content\/uploads\/2020\/04\/Yonatan-Neril-meets-Pope-Francis-768x511.jpg 768w\" sizes=\"(max-width: 980px) 100vw, 980px\" \/><\/p>\n<p>&nbsp;<\/p>\n","protected":false},"excerpt":{"rendered":"<p>Rabbin Yonatan Neril, fondateur et directeur ex\u00e9cutif du centre interconfessionnel pour le d\u00e9veloppement durable (ICSD) Nous avons une maison. Avec 7,7 milliards de personnes et 15 millions d&rsquo;esp\u00e8ces, la Terre est notre navire collectif. Nous devons r\u00e9ussir \u00e0 vivre de mani\u00e8re durable, ensemble. Nous avons une responsabilit\u00e9 partag\u00e9e les uns&hellip;<\/p>\n<p> <a class=\"more-link\" href=\"https:\/\/interfaithsustain.com\/french\/message-du-fondateur\/\">Lire la suite<\/a><\/p>\n","protected":false},"author":3,"featured_media":0,"parent":0,"menu_order":0,"comment_status":"closed","ping_status":"closed","template":"templates\/fullwidth.php","meta":{"footnotes":""},"aioseo_notices":[],"_links":{"self":[{"href":"https:\/\/interfaithsustain.com\/french\/wp-json\/wp\/v2\/pages\/339"}],"collection":[{"href":"https:\/\/interfaithsustain.com\/french\/wp-json\/wp\/v2\/pages"}],"about":[{"href":"https:\/\/interfaithsustain.com\/french\/wp-json\/wp\/v2\/types\/page"}],"author":[{"embeddable":true,"href":"https:\/\/interfaithsustain.com\/french\/wp-json\/wp\/v2\/users\/3"}],"replies":[{"embeddable":true,"href":"https:\/\/interfaithsustain.com\/french\/wp-json\/wp\/v2\/comments?post=339"}],"version-history":[{"count":2,"href":"https:\/\/interfaithsustain.com\/french\/wp-json\/wp\/v2\/pages\/339\/revisions"}],"predecessor-version":[{"id":343,"href":"https:\/\/interfaithsustain.com\/french\/wp-json\/wp\/v2\/pages\/339\/revisions\/343"}],"wp:attachment":[{"href":"https:\/\/interfaithsustain.com\/french\/wp-json\/wp\/v2\/media?parent=339"}],"curies":[{"name":"wp","href":"https:\/\/api.w.org\/{rel}","templated":true}]}}