{"id":335,"date":"2020-04-15T15:02:50","date_gmt":"2020-04-15T15:02:50","guid":{"rendered":"https:\/\/www.interfaithsustain.com\/french\/?page_id=335"},"modified":"2026-01-14T10:00:11","modified_gmt":"2026-01-14T10:00:11","slug":"projet-denergie-renouvelable-en-afrique-inspire-par-la-foi","status":"publish","type":"page","link":"https:\/\/interfaithsustain.com\/french\/projet-denergie-renouvelable-en-afrique-inspire-par-la-foi\/","title":{"rendered":"Projet d&rsquo;\u00e9nergie renouvelable en Afrique inspir\u00e9 par la foi"},"content":{"rendered":"<p style=\"text-align: justify;\">Et Dieu dit : \u00ab\u00a0Qu\u2019il y ait des luminaires dans l&rsquo;\u00e9tendue du ciel\u2026et qu\u2019ils servent de luminaires pour \u00e9clairer la terre. Et cela fut ainsi\u00a0\u00bb &#8212;Gen\u00e8se\u00a01 :14-15<\/p>\n<p style=\"text-align: justify;\">\u00ab\u00a0Tirer avantage d\u2019une \u00e9nergie solaire abondante requerra l&rsquo;\u00e9tablissement de m\u00e9canismes et de subventions permettant aux pays en d\u00e9veloppement d&rsquo;acc\u00e9der au transfert de technologie, \u00e0 une assistance technique et \u00e0 des ressources financi\u00e8res\u2026\u00a0\u00bb Pape Fran\u00e7ois, seconde encyclique \u201csur la sauvegarde de la maison commune\u201d<\/p>\n<p style=\"text-align: justify;\">BESOIN<\/p>\n<p style=\"text-align: justify;\">Plus de 600 millions de personnes en Afrique subsaharienne n\u2019ont pas acc\u00e8s \u00e0 l&rsquo;\u00e9lectricit\u00e9. Ils constituent\u00a013% de la population mondiale, contribuent le moins \u00e0 l&rsquo;\u00e9mission de gaz, mais portent la majeure partie du fardeau du changement climatique. Cette r\u00e9alit\u00e9 pr\u00e9sente des opportunit\u00e9s consid\u00e9rables pour rendre positivement diff\u00e9rente la vie des Africains. La production d&rsquo;\u00e9nergies renouvelables peut r\u00e9duire de mani\u00e8re significative la d\u00e9pendance au diesel et au bois, les carburants les plus polluants. Une modeste centrale solaire \u00e9vite 125 000 tonnes m\u00e9triques d&rsquo;\u00e9missions de CO2 en 20 ans.<\/p>\n<p style=\"text-align: justify;\">BUTS<\/p>\n<p style=\"text-align: justify;\">Prendre soin de la Cr\u00e9ation et promouvoir le d\u00e9veloppement durable \u00e0 travers le d\u00e9ploiement de l&rsquo;\u00e9nergie solaire et l&rsquo;\u00e9nergie \u00e9olienne.<br \/>\nFournir de l&rsquo;\u00e9nergie renouvelable aux Africains, freiner le changement climatique, et permettre aux g\u00e9n\u00e9rations pr\u00e9sentes et futures de vivre durablement.<\/p>\n<p style=\"text-align: justify;\">OBJECTIFS<\/p>\n<p style=\"text-align: justify;\">Engager les institutions religieuses Africaines en appliquant les imp\u00e9ratifs \u00e9thiques du soin de la Cr\u00e9ation en facilitant le d\u00e9veloppement d&rsquo;\u00e9nergies alternatives sur leurs terres.<br \/>\n\u00c9tablir un m\u00e9canisme pratique et \u00e9volutif pour soutenir un acc\u00e8s \u00e0 l&rsquo;investissement et le d\u00e9ploiement de centrales solaires photovolta\u00efques et d&rsquo;\u00e9oliennes de 7,5 MW ou plus en Afrique.<\/p>\n<p style=\"text-align: justify;\">DESCRIPTION DU PROJET<\/p>\n<p style=\"text-align: justify;\">Le projet est hybride, \u00e0 la fois \u00e0 but non lucratif et commercial, r\u00e9unissant conjointement des institutions confessionnelles, le centre interconfessionnel pour le d\u00e9veloppement durable (l&rsquo;ICSD), and Gigawatt Global pour un rapide et massif d\u00e9ploiement d&rsquo;\u00e9nergie renouvelable et un d\u00e9veloppement rural durable et \u00e9volutif en Afrique. En aout 2019, un protocole d&rsquo;accord et un bail foncier ont \u00e9t\u00e9 sign\u00e9s pour des centrales solaires \u00e0 grande \u00e9chelle sur des terrains d&rsquo;\u00e9glises anglicanes au Mozambique. Ce projet a \u00e9t\u00e9 lanc\u00e9 en 2017. <a href=\"https:\/\/www.indcatholicnews.com\/news\/37822\">Pour lire le communique de presse au sujet de la signature, cliquez ici. (En Anglais)<\/a><\/p>\n<p style=\"text-align: justify;\">PARTENAIRES<\/p>\n<p style=\"text-align: justify;\">Le centre interconfessionnel pour le d\u00e9veloppement durable (Interfaith Center for Sustainable Development) &#8211; fondateur et coordinateur du projet. Bas\u00e9 \u00e0 J\u00e9rusalem, l&rsquo;ICSD r\u00e9v\u00e8le les liens entre religions et \u00e9cologie et mobilise les communaut\u00e9s religieuses pour agir en ce sens.<\/p>\n<p style=\"text-align: justify;\">Dans ce projet, l&rsquo;ICSD identifie et recrute des institutions religieuses en Afrique subsaharienne int\u00e9ress\u00e9es par cette coop\u00e9ration et l&rsquo;application pratique d&rsquo;une \u00e9thique en fournissant des terrains pour l&rsquo;installation de centrales solaires. L&rsquo;ICSD se rapproche des dirigeants religieux sup\u00e9rieurs, dont le Vatican, l&rsquo;\u00c9glise Anglicane, l&rsquo;\u00c9glise Orthodoxe, et d&rsquo;institutions musulmanes pour leur offrir un soutien et une coop\u00e9ration.<\/p>\n<p style=\"text-align: justify;\"><a href=\"https:\/\/gigawattglobal.com\/\">Gigawatt Global Cooperatief U.A<\/a>&#8211; Fondateur, Gigawatt Global est une plateforme multinationale en \u00e9nergie renouvelable focalis\u00e9e sur le d\u00e9veloppement et la gestion de centrales solaires a \u00e9chelle industrielle dans des march\u00e9s \u00e9mergents. Avec plus de 1500 MW de projets solaires en d\u00e9veloppement \u00e0 travers le monde, Gigawatt apporte une exp\u00e9rience importante dans tous les aspects de finance et de d\u00e9veloppement de projets d&rsquo;\u00e9nergie renouvelable. Dans ce projet, Gigawatt Global est responsable de tous les besoins financiers du projet, dette et \u00e9quit\u00e9. Gigawatt ex\u00e9cutera et g\u00e8rera les projets pour fournir de l&rsquo;\u00e9lectricit\u00e9, localement et nationalement et formera et embauchera des employ\u00e9s locaux.<\/p>\n<p style=\"text-align: justify;\"><a href=\"http:\/\/www.greenanglicans.org\/\">Green Anglicans<\/a>-Le r\u00e9seau environnemental de L&rsquo;\u00e9glise anglicane d&rsquo;Afrique du Sud (partenaire confessionnel initial) mobilise des communaut\u00e9s religieuses pour l&rsquo;\u00e9nergie verte, l&rsquo;agriculture r\u00e9sistante au climat, la reforestation et am\u00e9liore l&rsquo;acc\u00e8s \u00e0 l&rsquo;eau. Dans ce projet, ils fournissent un programme d\u2019accompagnement des \u00e9v\u00eaques anglicans dans le sud et le centre de l&rsquo;Afrique. \u00c0 ce jour, de nombreux archev\u00eaques et \u00e9v\u00eaques Anglicans-au Burundi, Swaziland, Malawi, Mozambique, et en Zambie-ont exprim\u00e9 leur souhait d&rsquo;\u00e9tablir un projet sur le terrain de leur dioc\u00e8se. Chaque \u00e9v\u00eaque anglican assistera et facilitera l&rsquo;approbation du projet par les autorit\u00e9s gouvernementales concern\u00e9es.<\/p>\n<p style=\"text-align: justify;\">D&rsquo;autres institutions confessionnelles et communautaires en Afrique -Anglicane, Catholique, d&rsquo;autres Chr\u00e9tiens, Musulmans, et institutions Juives- vont s&rsquo;associer au projet pour obtenir des terrains, des permis locaux et nationaux, et s\u00e9curiser le d\u00e9veloppement financier pr\u00e9alable.<\/p>\n<p style=\"text-align: justify;\">Nous sommes aussi reconnaissants pour le soutien de ces initiatives dans ce projet :<\/p>\n<p style=\"text-align: justify;\"><a href=\"https:\/\/www.shineinvest.org\/\">Shine Campaign<\/a> est une campagne ind\u00e9pendante globale d\u00e9vou\u00e9e \u00e0 mettre un terme \u00e0 la pauvret\u00e9 \u00e9nerg\u00e9tique et d\u00e9bloquer de nouvelles opportunit\u00e9s pour des milliards de gens. Des partenaires venant de secteurs confessionnels, de d\u00e9veloppement, et philanthropiques mobilisent de nouvelles formes de capital, un \u00e9ventail de ressources, et g\u00e9n\u00e8rent un \u00e9lan pour l\u2019acc\u00e8s universel\u00a0 \u00a0\u00e0 une \u00e9nergie propre, abordable, et fiable d&rsquo;ici 2030-un but de d\u00e9veloppement durable.<\/p>\n<p style=\"text-align: justify;\"><a href=\"https:\/\/www.partner-religion-development.org\/about\/vision-and-structure\/\">PaRD<\/a> (le partenariat international en religion et d\u00e9veloppement durable) rassemble des membres et des partenaires du monde entier dans le but d\u2019exploiter l&rsquo;impact positif de la religion et de ses valeurs dans le d\u00e9veloppement durable et l&rsquo;aide humanitaire. PaRD, vise une plus grande coordination entre les acteurs s\u00e9culaires et non la\u00efques, se focalisant sur des activit\u00e9s conjointes telles que : le renforcement des comp\u00e9tences, le conseil politique, le partage des connaissances, le dialogue et le contr\u00f4le de qualit\u00e9.<\/p>\n<p style=\"text-align: justify;\">Pour cr\u00e9er, d\u00e9velopper, et affiner ce mod\u00e8le, nous cherchons \u00e0 engager des institutions religieuses \u00e0 tous les niveaux. Nous vous prions de vous rapprocher de nous si votre institution\/communaut\u00e9 est int\u00e9ress\u00e9e par notre initiative et souhaite s\u2019y joindre.<\/p>\n","protected":false},"excerpt":{"rendered":"<p>Et Dieu dit : \u00ab\u00a0Qu\u2019il y ait des luminaires dans l&rsquo;\u00e9tendue du ciel\u2026et qu\u2019ils servent de luminaires pour \u00e9clairer la terre. Et cela fut ainsi\u00a0\u00bb &#8212;Gen\u00e8se\u00a01 :14-15 \u00ab\u00a0Tirer avantage d\u2019une \u00e9nergie solaire abondante requerra l&rsquo;\u00e9tablissement de m\u00e9canismes et de subventions permettant aux pays en d\u00e9veloppement d&rsquo;acc\u00e9der au transfert de technologie,&hellip;<\/p>\n<p> <a class=\"more-link\" href=\"https:\/\/interfaithsustain.com\/french\/projet-denergie-renouvelable-en-afrique-inspire-par-la-foi\/\">Lire la suite<\/a><\/p>\n","protected":false},"author":3,"featured_media":192,"parent":0,"menu_order":0,"comment_status":"closed","ping_status":"closed","template":"","meta":{"footnotes":""},"aioseo_notices":[],"_links":{"self":[{"href":"https:\/\/interfaithsustain.com\/french\/wp-json\/wp\/v2\/pages\/335"}],"collection":[{"href":"https:\/\/interfaithsustain.com\/french\/wp-json\/wp\/v2\/pages"}],"about":[{"href":"https:\/\/interfaithsustain.com\/french\/wp-json\/wp\/v2\/types\/page"}],"author":[{"embeddable":true,"href":"https:\/\/interfaithsustain.com\/french\/wp-json\/wp\/v2\/users\/3"}],"replies":[{"embeddable":true,"href":"https:\/\/interfaithsustain.com\/french\/wp-json\/wp\/v2\/comments?post=335"}],"version-history":[{"count":2,"href":"https:\/\/interfaithsustain.com\/french\/wp-json\/wp\/v2\/pages\/335\/revisions"}],"predecessor-version":[{"id":338,"href":"https:\/\/interfaithsustain.com\/french\/wp-json\/wp\/v2\/pages\/335\/revisions\/338"}],"wp:featuredmedia":[{"embeddable":true,"href":"https:\/\/interfaithsustain.com\/french\/wp-json\/wp\/v2\/media\/192"}],"wp:attachment":[{"href":"https:\/\/interfaithsustain.com\/french\/wp-json\/wp\/v2\/media?parent=335"}],"curies":[{"name":"wp","href":"https:\/\/api.w.org\/{rel}","templated":true}]}}