{"id":308,"date":"2020-04-15T14:38:56","date_gmt":"2020-04-15T14:38:56","guid":{"rendered":"https:\/\/www.interfaithsustain.com\/french\/?page_id=308"},"modified":"2026-01-14T08:16:55","modified_gmt":"2026-01-14T08:16:55","slug":"champs-daction","status":"publish","type":"page","link":"https:\/\/interfaithsustain.com\/french\/champs-daction\/","title":{"rendered":"Champs d\u2019action"},"content":{"rendered":"<p style=\"text-align: justify;\">Le Projet d&rsquo;\u00c9nergie renouvelable inspir\u00e9 par la Foi en Afrique met en pratique les enseignements religieux pour prendre soin de la cr\u00e9ation de Dieu par le d\u00e9ploiement rapide d\u2019\u00e9nergie solaire et du d\u00e9veloppement rural durable afin de combattre le changement climatique et de soutenir le d\u00e9veloppement durable en Afrique. Le projet a pour but d\u2019\u00e9tablir un m\u00e9canisme pratique \u00e9volutif pour soutenir un acc\u00e8s aux investissements et d\u00e9ploiements d\u2019au moins un milliard de dollars dans les projets photovolta\u00efques solaires de 5 MW ou plus en Afrique, pour les cinq prochaines ann\u00e9es via un nouveau mod\u00e8le de partenariat strat\u00e9gique entre les institutions religieuses et leurs communaut\u00e9s en Afrique (Chr\u00e9tiennes, Musulmanes, et Juives).<\/p>\n<p><strong><a class=\"maxbutton-1 maxbutton maxbutton-renouvelable-en-afrique-inspire-par-la-foi\" title=\"En savoir plus\" href=\"https:\/\/www.interfaithsustain.com\/french\/projet-denergie-renouvelable-en-afrique-inspire-par-la-foi\/\"><span class='mb-text'>En savoir plus<\/span><\/a><\/strong><\/p>\n<p style=\"text-align: justify;\">Le Projet de s\u00e9minaire de foi et d\u2019\u00e9cologie promeut l\u2019\u00e9ducation de s\u00e9minaire chr\u00e9tien, musulman et juif au sujet de la foi et de l\u2019\u00e9cologie. En se focalisant sur la formation \u00e9ducative et les valeurs du clerg\u00e9 et des dirigeants confessionnels, l\u2019ICSD cherche \u00e0 cr\u00e9er un impact qui s\u2019\u00e9tend aux \u00e9tudiants des futures communaut\u00e9s et congr\u00e9gations. L\u2019ICSD organise des ateliers pour les directeurs de s\u00e9minaires, les membres des facult\u00e9s, et les \u00e9tudiants, tout en publiant le premier rapport jamais r\u00e9alis\u00e9 de cours sur la foi et l\u2019\u00e9cologie de s\u00e9minaires en Am\u00e9rique du Nord, \u00e0 Rome, et en Terre Sainte.<\/p>\n<p><strong><a class=\"maxbutton-2 maxbutton maxbutton-projet-de-seminaire-foi-et-ecologie\" title=\"En savoir plus\" href=\"https:\/\/www.interfaithsustain.com\/french\/projet-de-seminaire-foi-et-ecologie\/\"><span class='mb-text'>En savoir plus<\/span><\/a><\/strong><\/p>\n<p style=\"text-align: justify;\">Le Projet d\u2019\u00e9cologie interconfessionnel des femmes r\u00e9unit ensemble de jeunes femmes chr\u00e9tiennes, musulmanes et juives \u00e0 J\u00e9rusalem \u00e0 travers des ateliers et des \u00e9v\u00e9nements dont le but est de promouvoir la durabilit\u00e9 de l\u2019environnement, renfor\u00e7ant les relations inter communautaires, et d\u00e9passant les diff\u00e9rences religieuses.<\/p>\n<p><strong><a class=\"maxbutton-3 maxbutton maxbutton-women-s-interfaith-ecology-project\" title=\"En savoir plus\" href=\"https:\/\/www.interfaithsustain.com\/womens-interfaith-eco-project\/\"><span class='mb-text'>En savoir plus<\/span><\/a><\/strong><\/p>\n<p style=\"text-align: justify;\">L\u2019Alliance Foi et Science de la Terre engage les principaux leaders religieux et scientifiques, les r\u00e9unissant ensemble pour un message unifi\u00e9 pour la protection de l\u2019environnement. Par t\u00e9l\u00e9conf\u00e9rences, conf\u00e9rences, et rencontres historiques, le projet produit un contenu de valeur pour engager le public. Les contenus vid\u00e9o de ces rencontres, diffus\u00e9es via les m\u00e9dias sociaux et les nouveaux m\u00e9dias ont prouv\u00e9 leur efficacit\u00e9 dans la prise de conscience du public, de la volont\u00e9 et de l\u2019action politiques.<\/p>\n<p><strong><a class=\"maxbutton-5 maxbutton maxbutton-faith-and-science\" title=\"En savoir plus\" href=\"https:\/\/www.interfaithsustain.com\/faithandscience\/\"><span class='mb-text'>En savoir plus<\/span><\/a><\/strong><\/p>\n<p style=\"text-align: justify;\">Les conf\u00e9rences interconfessionnelles environnementales fournissent un forum de rencontres pour les leaders religieux et les scientifiques, afin de constituer des r\u00e9seaux et de discuter au sujet des liens entre la foi et les probl\u00e9matiques environnementales. Conjointement avec ses partenaires, l\u2019ICSD a organis\u00e9 quatre conf\u00e9rences interconfessionnelles environnementales en 2016. Les conf\u00e9rences ont b\u00e9n\u00e9fici\u00e9 d\u2019une large couverture m\u00e9diatique par plus de 60 m\u00e9dias internationaux.<\/p>\n<p><strong><a class=\"maxbutton-6 maxbutton maxbutton-interfaith-ecology-conferences\" title=\"En savoir plus\" href=\"https:\/\/www.interfaithsustain.com\/about-all-conferences\/\"><span class='mb-text'>En savoir plus<\/span><\/a><\/strong><u><\/u><\/p>\n<p style=\"text-align: justify;\">Les voyages organis\u00e9s Eco Isra\u00ebl et les s\u00e9minaires Juifs \u00e9cologiques engagent une diversit\u00e9 de participants au sujet du lien entre \u00e9cologie, Isra\u00ebl et les enseignements religieux. Un voyage organis\u00e9 \u00e9cologique religieux du March\u00e9 Mahane Yehuda est l\u2019un des douze programmes offerts. En pr\u00e8s de six ans, le programme a attir\u00e9 plus de 3000 participants.<\/p>\n<p><strong><a class=\"maxbutton-7 maxbutton maxbutton-eco-tours-in-israel\" title=\"En savoir plus\" href=\"https:\/\/www.interfaithsustain.com\/ecotourism\/\"><span class='mb-text'>En savoir plus<\/span><\/a><\/strong><\/p>\n<p style=\"text-align: justify;\"><u><a href=\"https:\/\/interfaithsustain.com\/category\/faith-ecology-blog\/\">Restez inform\u00e9s et suivez notre blog sur l\u2019\u00e9cologie et la foi (en anglais)<\/a><\/u><\/p>\n","protected":false},"excerpt":{"rendered":"<p>Le Projet d&rsquo;\u00c9nergie renouvelable inspir\u00e9 par la Foi en Afrique met en pratique les enseignements religieux pour prendre soin de la cr\u00e9ation de Dieu par le d\u00e9ploiement rapide d\u2019\u00e9nergie solaire et du d\u00e9veloppement rural durable afin de combattre le changement climatique et de soutenir le d\u00e9veloppement durable en Afrique. Le&hellip;<\/p>\n<p> <a class=\"more-link\" href=\"https:\/\/interfaithsustain.com\/french\/champs-daction\/\">Lire la suite<\/a><\/p>\n","protected":false},"author":3,"featured_media":310,"parent":0,"menu_order":0,"comment_status":"closed","ping_status":"closed","template":"","meta":{"footnotes":""},"aioseo_notices":[],"_links":{"self":[{"href":"https:\/\/interfaithsustain.com\/french\/wp-json\/wp\/v2\/pages\/308"}],"collection":[{"href":"https:\/\/interfaithsustain.com\/french\/wp-json\/wp\/v2\/pages"}],"about":[{"href":"https:\/\/interfaithsustain.com\/french\/wp-json\/wp\/v2\/types\/page"}],"author":[{"embeddable":true,"href":"https:\/\/interfaithsustain.com\/french\/wp-json\/wp\/v2\/users\/3"}],"replies":[{"embeddable":true,"href":"https:\/\/interfaithsustain.com\/french\/wp-json\/wp\/v2\/comments?post=308"}],"version-history":[{"count":11,"href":"https:\/\/interfaithsustain.com\/french\/wp-json\/wp\/v2\/pages\/308\/revisions"}],"predecessor-version":[{"id":365,"href":"https:\/\/interfaithsustain.com\/french\/wp-json\/wp\/v2\/pages\/308\/revisions\/365"}],"wp:featuredmedia":[{"embeddable":true,"href":"https:\/\/interfaithsustain.com\/french\/wp-json\/wp\/v2\/media\/310"}],"wp:attachment":[{"href":"https:\/\/interfaithsustain.com\/french\/wp-json\/wp\/v2\/media?parent=308"}],"curies":[{"name":"wp","href":"https:\/\/api.w.org\/{rel}","templated":true}]}}